{"id":18129,"date":"2019-04-01T23:06:19","date_gmt":"2019-04-01T23:06:19","guid":{"rendered":"http:\/\/caridad-old.demo.vamtam.com\/?page_id=18129"},"modified":"2026-03-24T15:41:17","modified_gmt":"2026-03-24T15:41:17","slug":"prestacao-de-servicos-a-comunidade","status":"publish","type":"page","link":"https:\/\/adsccl.pt\/index.php\/prestacao-de-servicos-a-comunidade\/","title":{"rendered":"Presta\u00e7\u00e3o de Servi\u00e7os \u00e0 Comunidade"},"content":{"rendered":"\t\t<div data-elementor-type=\"wp-page\" data-elementor-id=\"18129\" class=\"elementor elementor-18129\" data-elementor-post-type=\"page\">\n\t\t\t\t\t\t<section class=\"elementor-section elementor-top-section elementor-element elementor-element-fccdb9c elementor-section-full_width elementor-section-height-min-height animated-fast elementor-section-height-default elementor-section-items-middle elementor-invisible\" data-id=\"fccdb9c\" data-element_type=\"section\" data-e-type=\"section\" data-settings=\"{&quot;background_background&quot;:&quot;classic&quot;,&quot;animation&quot;:&quot;fadeIn&quot;,&quot;animation_tablet&quot;:&quot;none&quot;}\">\n\t\t\t\t\t\t\t<div class=\"elementor-background-overlay\"><\/div>\n\t\t\t\t\t\t\t<div class=\"elementor-container elementor-column-gap-no\">\n\t\t\t\t\t<div class=\"elementor-column elementor-col-100 elementor-top-column elementor-element elementor-element-cf6a9a4\" data-id=\"cf6a9a4\" data-element_type=\"column\" data-e-type=\"column\">\n\t\t\t<div class=\"elementor-widget-wrap\">\n\t\t\t\t\t\t\t<\/div>\n\t\t<\/div>\n\t\t\t\t\t<\/div>\n\t\t<\/section>\n\t\t\t\t<section class=\"elementor-section elementor-top-section elementor-element elementor-element-bf720bf elementor-section-boxed elementor-section-height-default elementor-section-height-default\" data-id=\"bf720bf\" data-element_type=\"section\" data-e-type=\"section\">\n\t\t\t\t\t\t<div class=\"elementor-container elementor-column-gap-no\">\n\t\t\t\t\t<div class=\"elementor-column elementor-col-50 elementor-top-column elementor-element elementor-element-d5a9aba\" data-id=\"d5a9aba\" data-element_type=\"column\" data-e-type=\"column\" data-settings=\"{&quot;motion_fx_motion_fx_scrolling&quot;:&quot;yes&quot;,&quot;motion_fx_translateY_effect&quot;:&quot;yes&quot;,&quot;motion_fx_translateY_speed&quot;:{&quot;unit&quot;:&quot;px&quot;,&quot;size&quot;:1,&quot;sizes&quot;:[]},&quot;motion_fx_devices&quot;:[&quot;desktop&quot;],&quot;motion_fx_translateY_affectedRange&quot;:{&quot;unit&quot;:&quot;%&quot;,&quot;size&quot;:&quot;&quot;,&quot;sizes&quot;:{&quot;start&quot;:0,&quot;end&quot;:100}}}\">\n\t\t\t<div class=\"elementor-widget-wrap elementor-element-populated\">\n\t\t\t\t\t\t<div class=\"elementor-element elementor-element-a6afcb9 elementor-widget elementor-widget-heading\" data-id=\"a6afcb9\" data-element_type=\"widget\" data-e-type=\"widget\" data-widget_type=\"heading.default\">\n\t\t\t\t<div class=\"elementor-widget-container\">\n\t\t\t\t\t<h4 class=\"elementor-heading-title elementor-size-default\">PSICOLOGIA<\/h4>\t\t\t\t<\/div>\n\t\t\t\t<\/div>\n\t\t\t\t<div class=\"elementor-element elementor-element-1fa740f elementor-widget__width-auto elementor-widget-tablet__width-auto elementor-widget-mobile__width-inherit vamtam-align-left elementor-widget elementor-widget-heading\" data-id=\"1fa740f\" data-element_type=\"widget\" data-e-type=\"widget\" data-widget_type=\"heading.heading_caridad\">\n\t\t\t\t<div class=\"elementor-widget-container\">\n\t\t\t\t\t<h1 class='vamtam-heading-wrapper'><div class=\"elementor-heading-title\">PRESTA\u00c7\u00c3O DE SERVI\u00c7O<\/div><div class=\"elementor-heading-title\">\u00c0 COMUNIDADE<\/div><\/h1>\t\t\t\t<\/div>\n\t\t\t\t<\/div>\n\t\t\t\t\t<\/div>\n\t\t<\/div>\n\t\t\t\t<div class=\"elementor-column elementor-col-50 elementor-top-column elementor-element elementor-element-47d4113 elementor-hidden-desktop elementor-hidden-tablet elementor-hidden-phone\" data-id=\"47d4113\" data-element_type=\"column\" data-e-type=\"column\">\n\t\t\t<div class=\"elementor-widget-wrap\">\n\t\t\t\t\t\t\t<\/div>\n\t\t<\/div>\n\t\t\t\t\t<\/div>\n\t\t<\/section>\n\t\t\t\t<section class=\"elementor-section elementor-top-section elementor-element elementor-element-aef85cc elementor-reverse-mobile elementor-section-boxed elementor-section-height-default elementor-section-height-default\" data-id=\"aef85cc\" data-element_type=\"section\" data-e-type=\"section\">\n\t\t\t\t\t\t<div class=\"elementor-container elementor-column-gap-no\">\n\t\t\t\t\t<div class=\"elementor-column elementor-col-50 elementor-top-column elementor-element elementor-element-89f8239\" data-id=\"89f8239\" data-element_type=\"column\" data-e-type=\"column\">\n\t\t\t<div class=\"elementor-widget-wrap elementor-element-populated\">\n\t\t\t\t\t\t<div class=\"elementor-element elementor-element-ec7d939 elementor-widget__width-initial elementor-widget-mobile__width-initial elementor-widget-tablet__width-initial elementor-widget elementor-widget-text-editor\" data-id=\"ec7d939\" data-element_type=\"widget\" data-e-type=\"widget\" data-widget_type=\"text-editor.default\">\n\t\t\t\t<div class=\"elementor-widget-container\">\n\t\t\t\t\t\t\t\t\t<p data-path-to-node=\"4\">Na <b data-path-to-node=\"4\" data-index-in-node=\"3\">ADSCCL \u2013 Associa\u00e7\u00e3o de Desenvolvimento Social e Cultural dos Cinco Lugares<\/b>, acreditamos que o bem-estar emocional \u00e9 o pilar fundamental para uma vida plena e equilibrada. \u00c9 com este compromisso que apresentamos o nosso servi\u00e7o de psicologia, focado numa interven\u00e7\u00e3o de proximidade, \u00e9tica e altamente qualificada.<\/p><p data-path-to-node=\"6\">A nossa pr\u00e1tica destaca-se pelo foco especializado em <b data-path-to-node=\"6\" data-index-in-node=\"62\">crian\u00e7as, adolescentes e fam\u00edlias<\/b>, contando com profissionais com Especializa\u00e7\u00e3o.<\/p><h3 data-path-to-node=\"8\">\u00c1reas de Interven\u00e7\u00e3o e Apoio<\/h3><p data-path-to-node=\"9\">Estamos preparados para intervir numa vasta gama de desafios, desde o desenvolvimento pessoal at\u00e9 quadros cl\u00ednicos complexos:<\/p><ul data-path-to-node=\"10\"><li><p data-path-to-node=\"10,0,0\"><b data-path-to-node=\"10,0,0\" data-index-in-node=\"0\">Bem-estar e Sa\u00fade Mental:<\/b> Gest\u00e3o do stress e burnout, ansiedade, ataques de p\u00e2nico, depress\u00e3o e problemas de humor.<\/p><\/li><li><p data-path-to-node=\"10,1,0\"><b data-path-to-node=\"10,1,0\" data-index-in-node=\"0\">Desenvolvimento e Aprendizagem:<\/b> Avalia\u00e7\u00e3o e interven\u00e7\u00e3o em PHDA (Hiperatividade e D\u00e9fice de Aten\u00e7\u00e3o), perturba\u00e7\u00f5es de aprendizagem e de comportamento.<\/p><\/li><li><p data-path-to-node=\"10,2,0\"><b data-path-to-node=\"10,2,0\" data-index-in-node=\"0\">Rela\u00e7\u00f5es e Fam\u00edlia:<\/b> Conflitos familiares e profissionais, apoio no luto, situa\u00e7\u00f5es de crise e aconselhamento parental (Centro de Apoio Familiar).<\/p><\/li><li><p data-path-to-node=\"10,3,0\"><b data-path-to-node=\"10,3,0\" data-index-in-node=\"0\">Crescimento Pessoal:<\/b> Fortalecimento da autoestima, autoconfian\u00e7a e fomento do autoconhecimento.<\/p><\/li><li><p data-path-to-node=\"10,4,0\"><b data-path-to-node=\"10,4,0\" data-index-in-node=\"0\">Interven\u00e7\u00e3o Espec\u00edfica:<\/b> Fobias espec\u00edficas, problemas de elimina\u00e7\u00e3o e apoio em contextos de viol\u00eancia dom\u00e9stica.<\/p><\/li><\/ul>\t\t\t\t\t\t\t\t<\/div>\n\t\t\t\t<\/div>\n\t\t\t\t\t<\/div>\n\t\t<\/div>\n\t\t\t\t<div class=\"elementor-column elementor-col-50 elementor-top-column elementor-element elementor-element-832c9dc\" data-id=\"832c9dc\" data-element_type=\"column\" data-e-type=\"column\">\n\t\t\t<div class=\"elementor-widget-wrap elementor-element-populated\">\n\t\t\t\t\t\t<div class=\"elementor-element elementor-element-0c05fec elementor-widget elementor-widget-heading\" data-id=\"0c05fec\" data-element_type=\"widget\" data-e-type=\"widget\" data-widget_type=\"heading.default\">\n\t\t\t\t<div class=\"elementor-widget-container\">\n\t\t\t\t\t<h2 class=\"elementor-heading-title elementor-size-default\">Apoio Psicol\u00f3gico Especializado\n<\/h2>\t\t\t\t<\/div>\n\t\t\t\t<\/div>\n\t\t\t\t\t<\/div>\n\t\t<\/div>\n\t\t\t\t\t<\/div>\n\t\t<\/section>\n\t\t<div class=\"elementor-element elementor-element-69dd002 e-flex e-con-boxed e-con e-parent\" data-id=\"69dd002\" data-element_type=\"container\" data-e-type=\"container\">\n\t\t\t\t\t<div class=\"e-con-inner\">\n\t\t\t\t<div class=\"elementor-element elementor-element-1f2c0c3 elementor-widget elementor-widget-heading\" data-id=\"1f2c0c3\" data-element_type=\"widget\" data-e-type=\"widget\" data-widget_type=\"heading.default\">\n\t\t\t\t<div class=\"elementor-widget-container\">\n\t\t\t\t\t<h2 class=\"elementor-heading-title elementor-size-default\">Equipa<\/h2>\t\t\t\t<\/div>\n\t\t\t\t<\/div>\n\t\t\t\t<div class=\"elementor-element elementor-element-81da4fe elementor-widget elementor-widget-spacer\" data-id=\"81da4fe\" data-element_type=\"widget\" data-e-type=\"widget\" data-widget_type=\"spacer.default\">\n\t\t\t\t<div class=\"elementor-widget-container\">\n\t\t\t\t\t\t\t<div class=\"elementor-spacer\">\n\t\t\t<div class=\"elementor-spacer-inner\"><\/div>\n\t\t<\/div>\n\t\t\t\t\t\t<\/div>\n\t\t\t\t<\/div>\n\t\t\t\t<div class=\"elementor-element elementor-element-d7ce4c9 elementor-position-left elementor-vertical-align-top elementor-widget elementor-widget-image-box\" data-id=\"d7ce4c9\" data-element_type=\"widget\" data-e-type=\"widget\" data-widget_type=\"image-box.default\">\n\t\t\t\t<div class=\"elementor-widget-container\">\n\t\t\t\t\t<div  class=\"elementor-image-box-wrapper\"><figure class=\"elementor-image-box-img\"><img fetchpriority=\"high\" decoding=\"async\" width=\"362\" height=\"470\" src=\"https:\/\/adsccl.pt\/wp-content\/uploads\/2026\/03\/306b398a-050d-44b2-abd3-248f23591d71.jpg\" class=\"attachment-full size-full wp-image-988311\" alt=\"\" \/><\/figure><div class=\"elementor-image-box-content\"><h3 class=\"elementor-image-box-title\">Luis Marques<\/h3><p class=\"elementor-image-box-description\"><span style=\"font-family: Poppins, sans-serif; font-size: 16px; font-style: normal; font-variant-ligatures: normal; font-variant-caps: normal; font-weight: 400;\">Licenciado em Psicologia e Mestre em Psicologia <\/span>com especializa\u00e7\u00e3o em Terapias Familiares e Sist\u00e9micas<span style=\"font-style: normal; font-variant-ligatures: normal; font-variant-caps: normal; font-weight: 400; font-size: 16px; font-family: Poppins, sans-serif;\">, e membro efectivo da Ordem dos Psic\u00f3logos Portugueses<\/span>. <br>Com um percurso focado na forma\u00e7\u00e3o avan\u00e7ada, det\u00e9m compet\u00eancias diferenciadas na avalia\u00e7\u00e3o e interven\u00e7\u00e3o psicol\u00f3gica com crian\u00e7as e adolescentes, bem como no acompanhamento de adultos.\n\nA sua pr\u00e1tica cl\u00ednica destaca-se pela interven\u00e7\u00e3o em quadros de ansiedade, problemas do humor e do comportamento, al\u00e9m de dificuldades de aprendizagem, fobias espec\u00edficas e problemas de elimina\u00e7\u00e3o. Especialista em avalia\u00e7\u00e3o cognitiva (WISC-III) e t\u00e9cnico de apoio \u00e0 v\u00edtima, adota uma abordagem rigorosa e centrada na pessoa. O seu objetivo primordial \u00e9 a promo\u00e7\u00e3o do bem-estar emocional e do desenvolvimento saud\u00e1vel, potenciando a qualidade de vida dos indiv\u00edduos e das suas fam\u00edlias atrav\u00e9s de uma perspetiva integrada.<\/p><\/div><\/div>\t\t\t\t<\/div>\n\t\t\t\t<\/div>\n\t\t\t\t<div class=\"elementor-element elementor-element-c2cfb75 elementor-widget elementor-widget-spacer\" data-id=\"c2cfb75\" data-element_type=\"widget\" data-e-type=\"widget\" data-widget_type=\"spacer.default\">\n\t\t\t\t<div class=\"elementor-widget-container\">\n\t\t\t\t\t\t\t<div class=\"elementor-spacer\">\n\t\t\t<div class=\"elementor-spacer-inner\"><\/div>\n\t\t<\/div>\n\t\t\t\t\t\t<\/div>\n\t\t\t\t<\/div>\n\t\t\t\t<div class=\"elementor-element elementor-element-5419db9 elementor-position-right elementor-vertical-align-top elementor-widget elementor-widget-image-box\" data-id=\"5419db9\" data-element_type=\"widget\" data-e-type=\"widget\" data-widget_type=\"image-box.default\">\n\t\t\t\t<div class=\"elementor-widget-container\">\n\t\t\t\t\t<div  class=\"elementor-image-box-wrapper\"><figure class=\"elementor-image-box-img\"><img decoding=\"async\" width=\"1114\" height=\"1280\" src=\"https:\/\/adsccl.pt\/wp-content\/uploads\/2026\/03\/PHOTO-2025-12-03-18-35-59.jpg\" class=\"attachment-full size-full wp-image-988320\" alt=\"\" srcset=\"https:\/\/adsccl.pt\/wp-content\/uploads\/2026\/03\/PHOTO-2025-12-03-18-35-59.jpg 1114w, https:\/\/adsccl.pt\/wp-content\/uploads\/2026\/03\/PHOTO-2025-12-03-18-35-59-891x1024.jpg 891w, https:\/\/adsccl.pt\/wp-content\/uploads\/2026\/03\/PHOTO-2025-12-03-18-35-59-768x882.jpg 768w\" sizes=\"(max-width: 1114px) 100vw, 1114px\" \/><\/figure><div class=\"elementor-image-box-content\"><h3 class=\"elementor-image-box-title\">In\u00eas Rodrigues<\/h3><p class=\"elementor-image-box-description\">Licenciada e Mestre em Psicologia, \u00e9 membro efetivo da Ordem dos Psic\u00f3logos Portugueses. A sua pr\u00e1tica cl\u00ednica abrange um vasto leque de \u00e1reas de interven\u00e7\u00e3o, com especial enfoque na gest\u00e3o do stress e do burnout, bem como no apoio psicoterap\u00eautico em situa\u00e7\u00f5es de crise, mudan\u00e7a ou luto. Atrav\u00e9s de um processo focado no autoconhecimento e no desenvolvimento pessoal, a sua atua\u00e7\u00e3o promove a autoestima e a autoconfian\u00e7a, <b>auxiliando<\/b> ainda na resolu\u00e7\u00e3o de conflitos familiares, escolares ou profissionais e na supera\u00e7\u00e3o de dificuldades emocionais e relacionais.\n\nNo que respeita \u00e0s perturba\u00e7\u00f5es trabalhadas, a sua interven\u00e7\u00e3o incide prioritariamente no tratamento da ansiedade e ataques de p\u00e2nico, bem como em quadros de depress\u00e3o. Det\u00e9m tamb\u00e9m experi\u00eancia especializada no acompanhamento da Perturba\u00e7\u00e3o de Hiperatividade e D\u00e9fice de Aten\u00e7\u00e3o (PHDA), em perturba\u00e7\u00f5es do comportamento e de oposi\u00e7\u00e3o, e em dificuldades espec\u00edficas de aprendizagem. Esta abordagem visa n\u00e3o s\u00f3 a mitiga\u00e7\u00e3o de sintomas, mas tamb\u00e9m o fortalecimento de estrat\u00e9gias de resili\u00eancia para a obten\u00e7\u00e3o de um equil\u00edbrio duradouro.<\/p><\/div><\/div>\t\t\t\t<\/div>\n\t\t\t\t<\/div>\n\t\t\t\t<div class=\"elementor-element elementor-element-0d97a5e elementor-widget elementor-widget-spacer\" data-id=\"0d97a5e\" data-element_type=\"widget\" data-e-type=\"widget\" data-widget_type=\"spacer.default\">\n\t\t\t\t<div class=\"elementor-widget-container\">\n\t\t\t\t\t\t\t<div class=\"elementor-spacer\">\n\t\t\t<div class=\"elementor-spacer-inner\"><\/div>\n\t\t<\/div>\n\t\t\t\t\t\t<\/div>\n\t\t\t\t<\/div>\n\t\t\t\t<div class=\"elementor-element elementor-element-db29472 elementor-position-left elementor-vertical-align-top elementor-widget elementor-widget-image-box\" data-id=\"db29472\" data-element_type=\"widget\" data-e-type=\"widget\" data-widget_type=\"image-box.default\">\n\t\t\t\t<div class=\"elementor-widget-container\">\n\t\t\t\t\t<div  class=\"elementor-image-box-wrapper\"><figure class=\"elementor-image-box-img\"><img decoding=\"async\" width=\"1500\" height=\"2000\" src=\"https:\/\/adsccl.pt\/wp-content\/uploads\/2026\/03\/foto.jpeg\" class=\"attachment-full size-full wp-image-988312\" alt=\"\" srcset=\"https:\/\/adsccl.pt\/wp-content\/uploads\/2026\/03\/foto.jpeg 1500w, https:\/\/adsccl.pt\/wp-content\/uploads\/2026\/03\/foto-768x1024.jpeg 768w, https:\/\/adsccl.pt\/wp-content\/uploads\/2026\/03\/foto-1152x1536.jpeg 1152w\" sizes=\"(max-width: 1500px) 100vw, 1500px\" \/><\/figure><div class=\"elementor-image-box-content\"><h3 class=\"elementor-image-box-title\">Marta Moreira<\/h3><p class=\"elementor-image-box-description\">Licenciada em Psicologia e Mestre em Psicologia Cl\u00ednica Sist\u00e9mica e Familiar, membra Efetiva da Ordem dos Psic\u00f3logos Portugueses.\n\nExerce fun\u00e7\u00f5es como psic\u00f3loga em contexto cl\u00ednico e em Centro de Apoio Familiar e Aconselhamento Parental, desenvolvendo a sua pr\u00e1tica com foco na avalia\u00e7\u00e3o e interven\u00e7\u00e3o psicol\u00f3gica junto de crian\u00e7as, adolescentes e fam\u00edlias.\n\nPossui Especializa\u00e7\u00e3o Avan\u00e7ada em Adolesc\u00eancia e Psicopatologia, bem como em Interven\u00e7\u00e3o Psicopedag\u00f3gica na Educa\u00e7\u00e3o Inclusiva. \u00c9 ainda detentora de Certificado de Compet\u00eancias Pedag\u00f3gicas.\n\nAo longo do seu percurso, tem investido continuamente na atualiza\u00e7\u00e3o cient\u00edfica e pr\u00e1tica, com participa\u00e7\u00e3o em diversas confer\u00eancias, cursos e workshops nas \u00e1reas do Autismo, Avalia\u00e7\u00e3o e Interven\u00e7\u00e3o Psicol\u00f3gica com Crian\u00e7as e Adolescentes, Perturba\u00e7\u00e3o de Hiperatividade e D\u00e9fice de Aten\u00e7\u00e3o (PHDA), utiliza\u00e7\u00e3o de instrumentos psicom\u00e9tricos e interven\u00e7\u00e3o psicol\u00f3gica em contextos de viol\u00eancia dom\u00e9stica.<\/p><\/div><\/div>\t\t\t\t<\/div>\n\t\t\t\t<\/div>\n\t\t\t\t<div class=\"elementor-element elementor-element-0b77374 elementor-widget elementor-widget-spacer\" data-id=\"0b77374\" data-element_type=\"widget\" data-e-type=\"widget\" data-widget_type=\"spacer.default\">\n\t\t\t\t<div class=\"elementor-widget-container\">\n\t\t\t\t\t\t\t<div class=\"elementor-spacer\">\n\t\t\t<div class=\"elementor-spacer-inner\"><\/div>\n\t\t<\/div>\n\t\t\t\t\t\t<\/div>\n\t\t\t\t<\/div>\n\t\t\t\t\t<\/div>\n\t\t\t\t<\/div>\n\t\t<div class=\"elementor-element elementor-element-d61fbe4 e-flex e-con-boxed e-con e-parent\" data-id=\"d61fbe4\" data-element_type=\"container\" data-e-type=\"container\">\n\t\t\t\t\t<div class=\"e-con-inner\">\n\t\t\t\t<div class=\"elementor-element elementor-element-5ebdd64 elementor-widget elementor-widget-spacer\" data-id=\"5ebdd64\" data-element_type=\"widget\" data-e-type=\"widget\" data-widget_type=\"spacer.default\">\n\t\t\t\t<div class=\"elementor-widget-container\">\n\t\t\t\t\t\t\t<div class=\"elementor-spacer\">\n\t\t\t<div class=\"elementor-spacer-inner\"><\/div>\n\t\t<\/div>\n\t\t\t\t\t\t<\/div>\n\t\t\t\t<\/div>\n\t\t\t\t\t<\/div>\n\t\t\t\t<\/div>\n\t\t<div class=\"elementor-element elementor-element-7054c3e e-flex e-con-boxed e-con e-parent\" data-id=\"7054c3e\" data-element_type=\"container\" data-e-type=\"container\">\n\t\t\t\t\t<div class=\"e-con-inner\">\n\t\t<div class=\"elementor-element elementor-element-8ed7120 e-con-full e-flex e-con e-child\" data-id=\"8ed7120\" data-element_type=\"container\" data-e-type=\"container\">\n\t\t<div class=\"elementor-element elementor-element-5f2e0e6 e-con-full e-flex e-con e-child\" data-id=\"5f2e0e6\" data-element_type=\"container\" data-e-type=\"container\" data-settings=\"{&quot;background_background&quot;:&quot;classic&quot;}\">\n\t\t\t\t<div class=\"elementor-element elementor-element-3290d4c elementor-widget__width-initial elementor-widget elementor-widget-button\" data-id=\"3290d4c\" data-element_type=\"widget\" data-e-type=\"widget\" data-widget_type=\"button.default\">\n\t\t\t\t<div class=\"elementor-widget-container\">\n\t\t\t\t\t\t\t\t\t<div class=\"elementor-button-wrapper\">\n\t\t\t\t\t<a class=\"elementor-button elementor-button-link elementor-size-sm\" href=\"https:\/\/forms.gle\/DJaeUdpdoQwkRKDM7\" target=\"_blank\">\n\t\t\t\t\t\t<span class=\"elementor-button-content-wrapper\">\n\t\t\t\t\t\t\t\t\t<span class=\"elementor-button-text\">Fazer Agendamento<\/span>\n\t\t\t\t\t<\/span>\n\t\t\t\t\t<\/a>\n\t\t\t\t<\/div>\n\t\t\t\t\t\t\t\t<\/div>\n\t\t\t\t<\/div>\n\t\t\t\t<\/div>\n\t\t<div class=\"elementor-element elementor-element-cc8555d e-con-full e-flex e-con e-child\" data-id=\"cc8555d\" data-element_type=\"container\" data-e-type=\"container\">\n\t\t\t\t<div class=\"elementor-element elementor-element-c6a5de3 elementor-widget__width-initial elementor-widget elementor-widget-heading\" data-id=\"c6a5de3\" data-element_type=\"widget\" data-e-type=\"widget\" data-widget_type=\"heading.default\">\n\t\t\t\t<div class=\"elementor-widget-container\">\n\t\t\t\t\t<h2 class=\"elementor-heading-title elementor-size-default\">Agende J\u00e1\n<\/h2>\t\t\t\t<\/div>\n\t\t\t\t<\/div>\n\t\t\t\t<\/div>\n\t\t\t\t<\/div>\n\t\t\t\t\t<\/div>\n\t\t\t\t<\/div>\n\t\t\t\t<\/div>\n\t\t","protected":false},"excerpt":{"rendered":"<p>PSICOLOGIA PRESTA\u00c7\u00c3O DE SERVI\u00c7O\u00c0 COMUNIDADE Na ADSCCL \u2013 Associa\u00e7\u00e3o de Desenvolvimento Social e Cultural dos Cinco Lugares, acreditamos que o bem-estar emocional \u00e9 o pilar fundamental para uma vida plena e equilibrada. \u00c9 com este compromisso que apresentamos o nosso servi\u00e7o de psicologia, focado numa interven\u00e7\u00e3o de proximidade, \u00e9tica e altamente qualificada. A nossa pr\u00e1tica&#8230;<\/p>\n","protected":false},"author":1,"featured_media":0,"parent":0,"menu_order":0,"comment_status":"closed","ping_status":"closed","template":"","meta":{"give_campaign_id":0,"footnotes":""},"class_list":["post-18129","page","type-page","status-publish","hentry"],"yoast_head":"<!-- This site is optimized with the Yoast SEO plugin v27.2 - https:\/\/yoast.com\/product\/yoast-seo-wordpress\/ -->\n<title>Presta\u00e7\u00e3o de Servi\u00e7os \u00e0 Comunidade - ADSCCL<\/title>\n<meta name=\"robots\" content=\"index, follow, max-snippet:-1, max-image-preview:large, max-video-preview:-1\" \/>\n<link rel=\"canonical\" href=\"https:\/\/adsccl.pt\/index.php\/prestacao-de-servicos-a-comunidade\/\" \/>\n<meta property=\"og:locale\" content=\"en_US\" \/>\n<meta property=\"og:type\" content=\"article\" \/>\n<meta property=\"og:title\" content=\"Presta\u00e7\u00e3o de Servi\u00e7os \u00e0 Comunidade - ADSCCL\" \/>\n<meta property=\"og:description\" content=\"PSICOLOGIA PRESTA\u00c7\u00c3O DE SERVI\u00c7O\u00c0 COMUNIDADE Na ADSCCL \u2013 Associa\u00e7\u00e3o de Desenvolvimento Social e Cultural dos Cinco Lugares, acreditamos que o bem-estar emocional \u00e9 o pilar fundamental para uma vida plena e equilibrada. \u00c9 com este compromisso que apresentamos o nosso servi\u00e7o de psicologia, focado numa interven\u00e7\u00e3o de proximidade, \u00e9tica e altamente qualificada. A nossa pr\u00e1tica...\" \/>\n<meta property=\"og:url\" content=\"https:\/\/adsccl.pt\/index.php\/prestacao-de-servicos-a-comunidade\/\" \/>\n<meta property=\"og:site_name\" content=\"ADSCCL\" \/>\n<meta property=\"article:modified_time\" content=\"2026-03-24T15:41:17+00:00\" \/>\n<meta property=\"og:image\" content=\"https:\/\/adsccl.pt\/wp-content\/uploads\/2026\/03\/306b398a-050d-44b2-abd3-248f23591d71.jpg\" \/>\n\t<meta property=\"og:image:width\" content=\"362\" \/>\n\t<meta property=\"og:image:height\" content=\"470\" \/>\n\t<meta property=\"og:image:type\" content=\"image\/jpeg\" \/>\n<meta name=\"twitter:card\" content=\"summary_large_image\" \/>\n<meta name=\"twitter:label1\" content=\"Est. reading time\" \/>\n\t<meta name=\"twitter:data1\" content=\"4 minutes\" \/>\n<script type=\"application\/ld+json\" class=\"yoast-schema-graph\">{\"@context\":\"https:\/\/schema.org\",\"@graph\":[{\"@type\":\"WebPage\",\"@id\":\"https:\/\/adsccl.pt\/index.php\/prestacao-de-servicos-a-comunidade\/\",\"url\":\"https:\/\/adsccl.pt\/index.php\/prestacao-de-servicos-a-comunidade\/\",\"name\":\"Presta\u00e7\u00e3o de Servi\u00e7os \u00e0 Comunidade - ADSCCL\",\"isPartOf\":{\"@id\":\"https:\/\/adsccl.pt\/#website\"},\"primaryImageOfPage\":{\"@id\":\"https:\/\/adsccl.pt\/index.php\/prestacao-de-servicos-a-comunidade\/#primaryimage\"},\"image\":{\"@id\":\"https:\/\/adsccl.pt\/index.php\/prestacao-de-servicos-a-comunidade\/#primaryimage\"},\"thumbnailUrl\":\"https:\/\/adsccl.pt\/wp-content\/uploads\/2026\/03\/306b398a-050d-44b2-abd3-248f23591d71.jpg\",\"datePublished\":\"2019-04-01T23:06:19+00:00\",\"dateModified\":\"2026-03-24T15:41:17+00:00\",\"breadcrumb\":{\"@id\":\"https:\/\/adsccl.pt\/index.php\/prestacao-de-servicos-a-comunidade\/#breadcrumb\"},\"inLanguage\":\"en-US\",\"potentialAction\":[{\"@type\":\"ReadAction\",\"target\":[\"https:\/\/adsccl.pt\/index.php\/prestacao-de-servicos-a-comunidade\/\"]}]},{\"@type\":\"ImageObject\",\"inLanguage\":\"en-US\",\"@id\":\"https:\/\/adsccl.pt\/index.php\/prestacao-de-servicos-a-comunidade\/#primaryimage\",\"url\":\"https:\/\/adsccl.pt\/wp-content\/uploads\/2026\/03\/306b398a-050d-44b2-abd3-248f23591d71.jpg\",\"contentUrl\":\"https:\/\/adsccl.pt\/wp-content\/uploads\/2026\/03\/306b398a-050d-44b2-abd3-248f23591d71.jpg\",\"width\":362,\"height\":470},{\"@type\":\"BreadcrumbList\",\"@id\":\"https:\/\/adsccl.pt\/index.php\/prestacao-de-servicos-a-comunidade\/#breadcrumb\",\"itemListElement\":[{\"@type\":\"ListItem\",\"position\":1,\"name\":\"Home\",\"item\":\"https:\/\/adsccl.pt\/\"},{\"@type\":\"ListItem\",\"position\":2,\"name\":\"Presta\u00e7\u00e3o de Servi\u00e7os \u00e0 Comunidade\"}]},{\"@type\":\"WebSite\",\"@id\":\"https:\/\/adsccl.pt\/#website\",\"url\":\"https:\/\/adsccl.pt\/\",\"name\":\"ADSCCL\",\"description\":\"INSPIRA\u00c7\u00c3O PARA UM MUNDO MELHOR\",\"publisher\":{\"@id\":\"https:\/\/adsccl.pt\/#organization\"},\"potentialAction\":[{\"@type\":\"SearchAction\",\"target\":{\"@type\":\"EntryPoint\",\"urlTemplate\":\"https:\/\/adsccl.pt\/?s={search_term_string}\"},\"query-input\":{\"@type\":\"PropertyValueSpecification\",\"valueRequired\":true,\"valueName\":\"search_term_string\"}}],\"inLanguage\":\"en-US\"},{\"@type\":\"Organization\",\"@id\":\"https:\/\/adsccl.pt\/#organization\",\"name\":\"ADSCCL\",\"url\":\"https:\/\/adsccl.pt\/\",\"logo\":{\"@type\":\"ImageObject\",\"inLanguage\":\"en-US\",\"@id\":\"https:\/\/adsccl.pt\/#\/schema\/logo\/image\/\",\"url\":\"https:\/\/adsccl.pt\/wp-content\/uploads\/2020\/04\/lOGO_adsCCL-2.png\",\"contentUrl\":\"https:\/\/adsccl.pt\/wp-content\/uploads\/2020\/04\/lOGO_adsCCL-2.png\",\"width\":1679,\"height\":540,\"caption\":\"ADSCCL\"},\"image\":{\"@id\":\"https:\/\/adsccl.pt\/#\/schema\/logo\/image\/\"}}]}<\/script>\n<!-- \/ Yoast SEO plugin. -->","yoast_head_json":{"title":"Presta\u00e7\u00e3o de Servi\u00e7os \u00e0 Comunidade - ADSCCL","robots":{"index":"index","follow":"follow","max-snippet":"max-snippet:-1","max-image-preview":"max-image-preview:large","max-video-preview":"max-video-preview:-1"},"canonical":"https:\/\/adsccl.pt\/index.php\/prestacao-de-servicos-a-comunidade\/","og_locale":"en_US","og_type":"article","og_title":"Presta\u00e7\u00e3o de Servi\u00e7os \u00e0 Comunidade - ADSCCL","og_description":"PSICOLOGIA PRESTA\u00c7\u00c3O DE SERVI\u00c7O\u00c0 COMUNIDADE Na ADSCCL \u2013 Associa\u00e7\u00e3o de Desenvolvimento Social e Cultural dos Cinco Lugares, acreditamos que o bem-estar emocional \u00e9 o pilar fundamental para uma vida plena e equilibrada. \u00c9 com este compromisso que apresentamos o nosso servi\u00e7o de psicologia, focado numa interven\u00e7\u00e3o de proximidade, \u00e9tica e altamente qualificada. A nossa pr\u00e1tica...","og_url":"https:\/\/adsccl.pt\/index.php\/prestacao-de-servicos-a-comunidade\/","og_site_name":"ADSCCL","article_modified_time":"2026-03-24T15:41:17+00:00","og_image":[{"width":362,"height":470,"url":"https:\/\/adsccl.pt\/wp-content\/uploads\/2026\/03\/306b398a-050d-44b2-abd3-248f23591d71.jpg","type":"image\/jpeg"}],"twitter_card":"summary_large_image","twitter_misc":{"Est. reading time":"4 minutes"},"schema":{"@context":"https:\/\/schema.org","@graph":[{"@type":"WebPage","@id":"https:\/\/adsccl.pt\/index.php\/prestacao-de-servicos-a-comunidade\/","url":"https:\/\/adsccl.pt\/index.php\/prestacao-de-servicos-a-comunidade\/","name":"Presta\u00e7\u00e3o de Servi\u00e7os \u00e0 Comunidade - ADSCCL","isPartOf":{"@id":"https:\/\/adsccl.pt\/#website"},"primaryImageOfPage":{"@id":"https:\/\/adsccl.pt\/index.php\/prestacao-de-servicos-a-comunidade\/#primaryimage"},"image":{"@id":"https:\/\/adsccl.pt\/index.php\/prestacao-de-servicos-a-comunidade\/#primaryimage"},"thumbnailUrl":"https:\/\/adsccl.pt\/wp-content\/uploads\/2026\/03\/306b398a-050d-44b2-abd3-248f23591d71.jpg","datePublished":"2019-04-01T23:06:19+00:00","dateModified":"2026-03-24T15:41:17+00:00","breadcrumb":{"@id":"https:\/\/adsccl.pt\/index.php\/prestacao-de-servicos-a-comunidade\/#breadcrumb"},"inLanguage":"en-US","potentialAction":[{"@type":"ReadAction","target":["https:\/\/adsccl.pt\/index.php\/prestacao-de-servicos-a-comunidade\/"]}]},{"@type":"ImageObject","inLanguage":"en-US","@id":"https:\/\/adsccl.pt\/index.php\/prestacao-de-servicos-a-comunidade\/#primaryimage","url":"https:\/\/adsccl.pt\/wp-content\/uploads\/2026\/03\/306b398a-050d-44b2-abd3-248f23591d71.jpg","contentUrl":"https:\/\/adsccl.pt\/wp-content\/uploads\/2026\/03\/306b398a-050d-44b2-abd3-248f23591d71.jpg","width":362,"height":470},{"@type":"BreadcrumbList","@id":"https:\/\/adsccl.pt\/index.php\/prestacao-de-servicos-a-comunidade\/#breadcrumb","itemListElement":[{"@type":"ListItem","position":1,"name":"Home","item":"https:\/\/adsccl.pt\/"},{"@type":"ListItem","position":2,"name":"Presta\u00e7\u00e3o de Servi\u00e7os \u00e0 Comunidade"}]},{"@type":"WebSite","@id":"https:\/\/adsccl.pt\/#website","url":"https:\/\/adsccl.pt\/","name":"ADSCCL","description":"INSPIRA\u00c7\u00c3O PARA UM MUNDO MELHOR","publisher":{"@id":"https:\/\/adsccl.pt\/#organization"},"potentialAction":[{"@type":"SearchAction","target":{"@type":"EntryPoint","urlTemplate":"https:\/\/adsccl.pt\/?s={search_term_string}"},"query-input":{"@type":"PropertyValueSpecification","valueRequired":true,"valueName":"search_term_string"}}],"inLanguage":"en-US"},{"@type":"Organization","@id":"https:\/\/adsccl.pt\/#organization","name":"ADSCCL","url":"https:\/\/adsccl.pt\/","logo":{"@type":"ImageObject","inLanguage":"en-US","@id":"https:\/\/adsccl.pt\/#\/schema\/logo\/image\/","url":"https:\/\/adsccl.pt\/wp-content\/uploads\/2020\/04\/lOGO_adsCCL-2.png","contentUrl":"https:\/\/adsccl.pt\/wp-content\/uploads\/2020\/04\/lOGO_adsCCL-2.png","width":1679,"height":540,"caption":"ADSCCL"},"image":{"@id":"https:\/\/adsccl.pt\/#\/schema\/logo\/image\/"}}]}},"campaignId":"","_links":{"self":[{"href":"https:\/\/adsccl.pt\/index.php\/wp-json\/wp\/v2\/pages\/18129","targetHints":{"allow":["GET"]}}],"collection":[{"href":"https:\/\/adsccl.pt\/index.php\/wp-json\/wp\/v2\/pages"}],"about":[{"href":"https:\/\/adsccl.pt\/index.php\/wp-json\/wp\/v2\/types\/page"}],"author":[{"embeddable":true,"href":"https:\/\/adsccl.pt\/index.php\/wp-json\/wp\/v2\/users\/1"}],"replies":[{"embeddable":true,"href":"https:\/\/adsccl.pt\/index.php\/wp-json\/wp\/v2\/comments?post=18129"}],"version-history":[{"count":62,"href":"https:\/\/adsccl.pt\/index.php\/wp-json\/wp\/v2\/pages\/18129\/revisions"}],"predecessor-version":[{"id":988436,"href":"https:\/\/adsccl.pt\/index.php\/wp-json\/wp\/v2\/pages\/18129\/revisions\/988436"}],"wp:attachment":[{"href":"https:\/\/adsccl.pt\/index.php\/wp-json\/wp\/v2\/media?parent=18129"}],"curies":[{"name":"wp","href":"https:\/\/api.w.org\/{rel}","templated":true}]}}