{"id":988009,"date":"2025-03-06T10:42:54","date_gmt":"2025-03-06T10:42:54","guid":{"rendered":"https:\/\/adsccl.pt\/?page_id=988009"},"modified":"2025-05-27T13:36:20","modified_gmt":"2025-05-27T13:36:20","slug":"familias-com-afetos-eea-grants","status":"publish","type":"page","link":"https:\/\/adsccl.pt\/index.php\/familias-com-afetos-eea-grants\/","title":{"rendered":"Fam\u00edlias com Afetos &#8211; EEA GRANTS"},"content":{"rendered":"\t\t<div data-elementor-type=\"wp-page\" data-elementor-id=\"988009\" class=\"elementor elementor-988009\" data-elementor-post-type=\"page\">\n\t\t\t\t\t\t<section class=\"elementor-section elementor-top-section elementor-element elementor-element-d04d23c elementor-section-height-min-height animated-fast elementor-section-full_width elementor-section-height-default elementor-section-items-middle elementor-invisible\" data-id=\"d04d23c\" data-element_type=\"section\" data-e-type=\"section\" data-settings=\"{&quot;background_background&quot;:&quot;classic&quot;,&quot;animation&quot;:&quot;fadeIn&quot;,&quot;animation_tablet&quot;:&quot;none&quot;}\">\n\t\t\t\t\t\t\t<div class=\"elementor-background-overlay\"><\/div>\n\t\t\t\t\t\t\t<div class=\"elementor-container elementor-column-gap-no\">\n\t\t\t\t\t<div class=\"elementor-column elementor-col-100 elementor-top-column elementor-element elementor-element-4f53eee\" data-id=\"4f53eee\" data-element_type=\"column\" data-e-type=\"column\" data-settings=\"{&quot;background_background&quot;:&quot;classic&quot;}\">\n\t\t\t<div class=\"elementor-widget-wrap\">\n\t\t\t\t\t\t\t<\/div>\n\t\t<\/div>\n\t\t\t\t\t<\/div>\n\t\t<\/section>\n\t\t\t\t<section class=\"elementor-section elementor-top-section elementor-element elementor-element-059f3cc elementor-section-boxed elementor-section-height-default elementor-section-height-default\" data-id=\"059f3cc\" data-element_type=\"section\" data-e-type=\"section\">\n\t\t\t\t\t\t<div class=\"elementor-container elementor-column-gap-no\">\n\t\t\t\t\t<div class=\"elementor-column elementor-col-50 elementor-top-column elementor-element elementor-element-0333739\" data-id=\"0333739\" data-element_type=\"column\" data-e-type=\"column\" data-settings=\"{&quot;motion_fx_motion_fx_scrolling&quot;:&quot;yes&quot;,&quot;motion_fx_translateY_effect&quot;:&quot;yes&quot;,&quot;motion_fx_translateY_speed&quot;:{&quot;unit&quot;:&quot;px&quot;,&quot;size&quot;:1,&quot;sizes&quot;:[]},&quot;motion_fx_devices&quot;:[&quot;desktop&quot;],&quot;motion_fx_translateY_affectedRange&quot;:{&quot;unit&quot;:&quot;%&quot;,&quot;size&quot;:&quot;&quot;,&quot;sizes&quot;:{&quot;start&quot;:0,&quot;end&quot;:100}}}\">\n\t\t\t<div class=\"elementor-widget-wrap elementor-element-populated\">\n\t\t\t\t\t\t<div class=\"elementor-element elementor-element-68448ed elementor-widget elementor-widget-heading\" data-id=\"68448ed\" data-element_type=\"widget\" data-e-type=\"widget\" data-widget_type=\"heading.default\">\n\t\t\t\t<div class=\"elementor-widget-container\">\n\t\t\t\t\t<h4 class=\"elementor-heading-title elementor-size-default\">Fam\u00edlias com Afetos<\/h4>\t\t\t\t<\/div>\n\t\t\t\t<\/div>\n\t\t\t\t<div class=\"elementor-element elementor-element-9074fbe elementor-widget__width-auto elementor-widget-tablet__width-auto elementor-widget-mobile__width-inherit vamtam-align-left elementor-widget elementor-widget-heading\" data-id=\"9074fbe\" data-element_type=\"widget\" data-e-type=\"widget\" data-widget_type=\"heading.heading_caridad\">\n\t\t\t\t<div class=\"elementor-widget-container\">\n\t\t\t\t\t<h1 class='vamtam-heading-wrapper'><div class=\"elementor-heading-title\">Fam\u00edlias com Afetos<\/div><div class=\"elementor-heading-title\">Criam Pessoas Felizes!<\/div><\/h1>\t\t\t\t<\/div>\n\t\t\t\t<\/div>\n\t\t\t\t\t<\/div>\n\t\t<\/div>\n\t\t\t\t<div class=\"elementor-column elementor-col-50 elementor-top-column elementor-element elementor-element-5450b46 elementor-hidden-desktop elementor-hidden-tablet elementor-hidden-phone\" data-id=\"5450b46\" data-element_type=\"column\" data-e-type=\"column\">\n\t\t\t<div class=\"elementor-widget-wrap\">\n\t\t\t\t\t\t\t<\/div>\n\t\t<\/div>\n\t\t\t\t\t<\/div>\n\t\t<\/section>\n\t\t\t\t<section class=\"elementor-section elementor-top-section elementor-element elementor-element-9cc9242 elementor-reverse-tablet elementor-reverse-mobile elementor-section-boxed elementor-section-height-default elementor-section-height-default\" data-id=\"9cc9242\" data-element_type=\"section\" data-e-type=\"section\">\n\t\t\t\t\t\t<div class=\"elementor-container elementor-column-gap-no\">\n\t\t\t\t\t<div class=\"elementor-column elementor-col-50 elementor-top-column elementor-element elementor-element-51659f8 elementor-hidden-phone\" data-id=\"51659f8\" data-element_type=\"column\" data-e-type=\"column\">\n\t\t\t<div class=\"elementor-widget-wrap elementor-element-populated\">\n\t\t\t\t\t\t<div class=\"elementor-element elementor-element-a8fdf84 elementor-widget elementor-widget-image\" data-id=\"a8fdf84\" data-element_type=\"widget\" data-e-type=\"widget\" data-settings=\"{&quot;motion_fx_motion_fx_scrolling&quot;:&quot;yes&quot;,&quot;motion_fx_translateY_effect&quot;:&quot;yes&quot;,&quot;motion_fx_translateY_speed&quot;:{&quot;unit&quot;:&quot;px&quot;,&quot;size&quot;:0.5,&quot;sizes&quot;:[]},&quot;motion_fx_translateY_affectedRange&quot;:{&quot;unit&quot;:&quot;%&quot;,&quot;size&quot;:&quot;&quot;,&quot;sizes&quot;:{&quot;start&quot;:0,&quot;end&quot;:100}},&quot;motion_fx_devices&quot;:[&quot;desktop&quot;,&quot;tablet&quot;,&quot;mobile&quot;]}\" data-widget_type=\"image.default\">\n\t\t\t\t<div class=\"elementor-widget-container\">\n\t\t\t\t\t\t\t\t\t<div class=\"elementor-image\">\n\t\t\t\t\t\t\t\t\t\t\t\t\t\t\t\t\t\t\t\t\t<img fetchpriority=\"high\" decoding=\"async\" width=\"1707\" height=\"2560\" src=\"https:\/\/adsccl.pt\/wp-content\/uploads\/2025\/02\/young-students-watching-laptop-min-scaled.jpg\" class=\"attachment-full size-full wp-image-987778\" alt=\"\" srcset=\"https:\/\/adsccl.pt\/wp-content\/uploads\/2025\/02\/young-students-watching-laptop-min-scaled.jpg 1707w, https:\/\/adsccl.pt\/wp-content\/uploads\/2025\/02\/young-students-watching-laptop-min-683x1024.jpg 683w, https:\/\/adsccl.pt\/wp-content\/uploads\/2025\/02\/young-students-watching-laptop-min-768x1152.jpg 768w, https:\/\/adsccl.pt\/wp-content\/uploads\/2025\/02\/young-students-watching-laptop-min-1024x1536.jpg 1024w, https:\/\/adsccl.pt\/wp-content\/uploads\/2025\/02\/young-students-watching-laptop-min-1365x2048.jpg 1365w\" sizes=\"(max-width: 1707px) 100vw, 1707px\" \/>\t\t\t\t\t\t\t\t\t\t\t\t\t\t\t\t\t\t\t\t\t\t\t\t<\/div>\n\t\t\t\t\t\t\t\t<\/div>\n\t\t\t\t<\/div>\n\t\t\t\t\t<\/div>\n\t\t<\/div>\n\t\t\t\t<div class=\"elementor-column elementor-col-50 elementor-top-column elementor-element elementor-element-85ba866\" data-id=\"85ba866\" data-element_type=\"column\" data-e-type=\"column\" data-settings=\"{&quot;motion_fx_motion_fx_scrolling&quot;:&quot;yes&quot;,&quot;motion_fx_translateY_effect&quot;:&quot;yes&quot;,&quot;motion_fx_translateY_speed&quot;:{&quot;unit&quot;:&quot;px&quot;,&quot;size&quot;:0.5,&quot;sizes&quot;:[]},&quot;motion_fx_devices&quot;:[&quot;desktop&quot;],&quot;motion_fx_translateY_affectedRange&quot;:{&quot;unit&quot;:&quot;%&quot;,&quot;size&quot;:&quot;&quot;,&quot;sizes&quot;:{&quot;start&quot;:0,&quot;end&quot;:100}}}\">\n\t\t\t<div class=\"elementor-widget-wrap elementor-element-populated\">\n\t\t\t\t\t\t<div class=\"elementor-element elementor-element-a7ced12 elementor-widget elementor-widget-heading\" data-id=\"a7ced12\" data-element_type=\"widget\" data-e-type=\"widget\" data-widget_type=\"heading.default\">\n\t\t\t\t<div class=\"elementor-widget-container\">\n\t\t\t\t\t<h2 class=\"elementor-heading-title elementor-size-default\">Quem Somos?\n<\/h2>\t\t\t\t<\/div>\n\t\t\t\t<\/div>\n\t\t\t\t<div class=\"elementor-element elementor-element-1911f47 elementor-widget elementor-widget-text-editor\" data-id=\"1911f47\" data-element_type=\"widget\" data-e-type=\"widget\" data-widget_type=\"text-editor.default\">\n\t\t\t\t<div class=\"elementor-widget-container\">\n\t\t\t\t\t\t\t\t\t<p>A <em><strong>ADSCCL &#8211; Associa\u00e7\u00e3o de Desenvolvimento Social e Cultural dos Cinco Lugares<\/strong><\/em> (Associa\u00e7\u00e3o para o Desenvolvimento Social e Comunit\u00e1rio da Lous\u00e3) \u00e9 uma institui\u00e7\u00e3o particular de solidariedade social que atua nos concelhos da Lous\u00e3, Condeixa e Figueira da Foz. Desde 2012, temos trilhado um caminho dedicado \u00e0 inclus\u00e3o e ao desenvolvimento local sustent\u00e1vel, atrav\u00e9s de projetos de inova\u00e7\u00e3o social. Atualmente, gerimos iniciativas como a <strong>Microninho+IN &#8211; Incubadora Social e de Inova\u00e7\u00e3o<\/strong>, a\u00a0<strong>Rede Cuidas<\/strong>\u00a0e o\u00a0<strong>Microninho ISI na Figueira da Foz<\/strong>, sempre com o objetivo de promover a inclus\u00e3o e o bem-estar das comunidades que servimos.<\/p>\t\t\t\t\t\t\t\t<\/div>\n\t\t\t\t<\/div>\n\t\t\t\t\t<\/div>\n\t\t<\/div>\n\t\t\t\t\t<\/div>\n\t\t<\/section>\n\t\t\t\t<section class=\"elementor-section elementor-top-section elementor-element elementor-element-a805ef7 elementor-section-boxed elementor-section-height-default elementor-section-height-default\" data-id=\"a805ef7\" data-element_type=\"section\" data-e-type=\"section\" data-settings=\"{&quot;background_background&quot;:&quot;classic&quot;}\">\n\t\t\t\t\t\t<div class=\"elementor-container elementor-column-gap-default\">\n\t\t\t\t\t<div class=\"elementor-column elementor-col-50 elementor-top-column elementor-element elementor-element-ab43f2a\" data-id=\"ab43f2a\" data-element_type=\"column\" data-e-type=\"column\">\n\t\t\t<div class=\"elementor-widget-wrap elementor-element-populated\">\n\t\t\t\t\t\t<div class=\"elementor-element elementor-element-72828b3 elementor-widget elementor-widget-heading\" data-id=\"72828b3\" data-element_type=\"widget\" data-e-type=\"widget\" data-widget_type=\"heading.default\">\n\t\t\t\t<div class=\"elementor-widget-container\">\n\t\t\t\t\t<h2 class=\"elementor-heading-title elementor-size-default\">Objetivo<\/h2>\t\t\t\t<\/div>\n\t\t\t\t<\/div>\n\t\t\t\t<div class=\"elementor-element elementor-element-137c970 elementor-widget elementor-widget-text-editor\" data-id=\"137c970\" data-element_type=\"widget\" data-e-type=\"widget\" data-widget_type=\"text-editor.default\">\n\t\t\t\t<div class=\"elementor-widget-container\">\n\t\t\t\t\t\t\t\t\t<p>O projeto\u00a0<strong>\u201cFam\u00edlias com Afetos\u201d<\/strong>\u00a0tem como miss\u00e3o colocar a felicidade e a realiza\u00e7\u00e3o das crian\u00e7as, jovens e fam\u00edlias em primeiro lugar. Acreditamos que os afetos s\u00e3o a f\u00f3rmula m\u00e1gica para unir e aproximar pessoas, criando uma sociedade mais emp\u00e1tica, resiliente e compassiva. Queremos construir uma comunidade onde pais, professores, educadores, crian\u00e7as e jovens falem a mesma l\u00edngua e se escutem com o cora\u00e7\u00e3o, promovendo um ambiente de harmonia e inclus\u00e3o.<\/p>\t\t\t\t\t\t\t\t<\/div>\n\t\t\t\t<\/div>\n\t\t\t\t<div class=\"elementor-element elementor-element-e28c088 elementor-icon-list--layout-traditional elementor-list-item-link-full_width elementor-widget elementor-widget-icon-list\" data-id=\"e28c088\" data-element_type=\"widget\" data-e-type=\"widget\" data-widget_type=\"icon-list.default\">\n\t\t\t\t<div class=\"elementor-widget-container\">\n\t\t\t\t\t\t\t<ul class=\"elementor-icon-list-items\">\n\t\t\t\t\t\t\t<li class=\"elementor-icon-list-item\">\n\t\t\t\t\t\t\t\t\t\t\t<a href=\"#elementor-action%3Aaction%3Dlightbox%26settings%3DeyJ0eXBlIjoidmlkZW8iLCJ2aWRlb1R5cGUiOiJ5b3V0dWJlIiwidXJsIjoiaHR0cHM6XC9cL3d3dy55b3V0dWJlLmNvbVwvZW1iZWRcL2tYeXEwQVlNODJJP2ZlYXR1cmU9b2VtYmVkIn0%3D\">\n\n\t\t\t\t\t\t\t\t\t\t\t\t<span class=\"elementor-icon-list-icon\">\n\t\t\t\t\t\t\t<i aria-hidden=\"true\" class=\"vamtamtheme- vamtam-theme-play\"><\/i>\t\t\t\t\t\t<\/span>\n\t\t\t\t\t\t\t\t\t\t<span class=\"elementor-icon-list-text\">Video<\/span>\n\t\t\t\t\t\t\t\t\t\t\t<\/a>\n\t\t\t\t\t\t\t\t\t<\/li>\n\t\t\t\t\t\t<\/ul>\n\t\t\t\t\t\t<\/div>\n\t\t\t\t<\/div>\n\t\t\t\t\t<\/div>\n\t\t<\/div>\n\t\t\t\t<div class=\"elementor-column elementor-col-50 elementor-top-column elementor-element elementor-element-6633ecf\" data-id=\"6633ecf\" data-element_type=\"column\" data-e-type=\"column\" data-settings=\"{&quot;background_background&quot;:&quot;classic&quot;}\">\n\t\t\t<div class=\"elementor-widget-wrap elementor-element-populated\">\n\t\t\t\t\t\t<div class=\"elementor-element elementor-element-b505ae2 elementor-invisible elementor-widget elementor-widget-image\" data-id=\"b505ae2\" data-element_type=\"widget\" data-e-type=\"widget\" data-settings=\"{&quot;_animation&quot;:&quot;fadeIn&quot;,&quot;_animation_delay&quot;:500,&quot;_animation_tablet&quot;:&quot;none&quot;}\" data-widget_type=\"image.default\">\n\t\t\t\t<div class=\"elementor-widget-container\">\n\t\t\t\t\t\t\t\t\t<div class=\"elementor-image\">\n\t\t\t\t\t\t\t\t\t\t\t\t\t\t\t\t\t\t\t\t\t<img decoding=\"async\" width=\"1024\" height=\"683\" src=\"https:\/\/adsccl.pt\/wp-content\/uploads\/2025\/03\/473793869_911731047801973_3475047239438218797_n-1024x683.jpg\" class=\"attachment-large size-large wp-image-988024\" alt=\"\" srcset=\"https:\/\/adsccl.pt\/wp-content\/uploads\/2025\/03\/473793869_911731047801973_3475047239438218797_n-1024x683.jpg 1024w, https:\/\/adsccl.pt\/wp-content\/uploads\/2025\/03\/473793869_911731047801973_3475047239438218797_n-768x512.jpg 768w, https:\/\/adsccl.pt\/wp-content\/uploads\/2025\/03\/473793869_911731047801973_3475047239438218797_n-1536x1024.jpg 1536w, https:\/\/adsccl.pt\/wp-content\/uploads\/2025\/03\/473793869_911731047801973_3475047239438218797_n.jpg 2048w\" sizes=\"(max-width: 1024px) 100vw, 1024px\" \/>\t\t\t\t\t\t\t\t\t\t\t\t\t\t\t\t\t\t\t\t\t\t\t\t<\/div>\n\t\t\t\t\t\t\t\t<\/div>\n\t\t\t\t<\/div>\n\t\t\t\t\t<\/div>\n\t\t<\/div>\n\t\t\t\t\t<\/div>\n\t\t<\/section>\n\t\t\t\t<section class=\"elementor-section elementor-top-section elementor-element elementor-element-9f3117a elementor-section-content-middle elementor-section-height-min-height elementor-reverse-mobile elementor-section-boxed elementor-section-height-default elementor-section-items-middle\" data-id=\"9f3117a\" data-element_type=\"section\" data-e-type=\"section\" data-settings=\"{&quot;background_background&quot;:&quot;classic&quot;}\">\n\t\t\t\t\t\t<div class=\"elementor-container elementor-column-gap-default\">\n\t\t\t\t\t<div class=\"elementor-column elementor-col-50 elementor-top-column elementor-element elementor-element-06747ad elementor-invisible\" data-id=\"06747ad\" data-element_type=\"column\" data-e-type=\"column\" data-settings=\"{&quot;background_background&quot;:&quot;classic&quot;,&quot;animation&quot;:&quot;fadeIn&quot;,&quot;animation_delay&quot;:500,&quot;animation_tablet&quot;:&quot;none&quot;}\">\n\t\t\t<div class=\"elementor-widget-wrap elementor-element-populated\">\n\t\t\t\t\t\t<div class=\"elementor-element elementor-element-20344b7 elementor-widget elementor-widget-spacer\" data-id=\"20344b7\" data-element_type=\"widget\" data-e-type=\"widget\" data-settings=\"{&quot;_animation&quot;:&quot;none&quot;,&quot;_animation_delay&quot;:500,&quot;_animation_tablet&quot;:&quot;none&quot;}\" data-widget_type=\"spacer.default\">\n\t\t\t\t<div class=\"elementor-widget-container\">\n\t\t\t\t\t\t\t<div class=\"elementor-spacer\">\n\t\t\t<div class=\"elementor-spacer-inner\"><\/div>\n\t\t<\/div>\n\t\t\t\t\t\t<\/div>\n\t\t\t\t<\/div>\n\t\t\t\t\t<\/div>\n\t\t<\/div>\n\t\t\t\t<div class=\"elementor-column elementor-col-50 elementor-top-column elementor-element elementor-element-88f54b5\" data-id=\"88f54b5\" data-element_type=\"column\" data-e-type=\"column\">\n\t\t\t<div class=\"elementor-widget-wrap elementor-element-populated\">\n\t\t\t\t\t\t<div class=\"elementor-element elementor-element-30e1653 elementor-widget elementor-widget-heading\" data-id=\"30e1653\" data-element_type=\"widget\" data-e-type=\"widget\" data-widget_type=\"heading.default\">\n\t\t\t\t<div class=\"elementor-widget-container\">\n\t\t\t\t\t<h2 class=\"elementor-heading-title elementor-size-default\">Atividades<\/h2>\t\t\t\t<\/div>\n\t\t\t\t<\/div>\n\t\t\t\t<div class=\"elementor-element elementor-element-fadcdc8 elementor-widget elementor-widget-text-editor\" data-id=\"fadcdc8\" data-element_type=\"widget\" data-e-type=\"widget\" data-widget_type=\"text-editor.default\">\n\t\t\t\t<div class=\"elementor-widget-container\">\n\t\t\t\t\t\t\t\t\tO projeto oferece um\u00a0<strong>acompanhamento hol\u00edstico<\/strong>, fortalecendo crian\u00e7as, jovens e suas fam\u00edlias em todos os pilares das suas vidas. Atrav\u00e9s de uma interven\u00e7\u00e3o de proximidade, trabalhamos em articula\u00e7\u00e3o com redes sociais de suporte nos \u00e2mbitos\u00a0<strong>social, emocional, educacional, familiar e comunit\u00e1rio<\/strong>.\n<h3><strong>Nas Escolas e Fam\u00edlias:<\/strong><\/h3>\n<ul><p>\n \t<li><strong>Interven\u00e7\u00e3o em turmas<\/strong>: Promovemos a inclus\u00e3o e o respeito entre pares, combatendo fen\u00f3menos como o bullying e a discrimina\u00e7\u00e3o.<\/li>\n \t<li><strong>Forma\u00e7\u00e3o para professores e educadores<\/strong>: Capacitamos os profissionais da educa\u00e7\u00e3o para trabalharem os afetos e fortalecerem os la\u00e7os com os alunos.<\/li>\n \t<li><strong>A\u00e7\u00f5es de sensibiliza\u00e7\u00e3o<\/strong>: Dinamizamos atividades que promovem a empatia, a resili\u00eancia e a comunica\u00e7\u00e3o positiva<\/li>\n \t<li><strong>Acompanhamento familiar<\/strong>: Oferecemos apoio personalizado para fortalecer os la\u00e7os familiares e promover um ambiente saud\u00e1vel em casa.<\/li>\n \t<li><strong>Encontros de fortalecimento<\/strong>: Espa\u00e7os de partilha e aprendizagem para pais e cuidadores, focados na educa\u00e7\u00e3o positiva e no desenvolvimento emocional.<\/li>\n<\/ul>\t\t\t\t\t\t\t\t<\/div>\n\t\t\t\t<\/div>\n\t\t\t\t\t<\/div>\n\t\t<\/div>\n\t\t\t\t\t<\/div>\n\t\t<\/section>\n\t\t\t\t<section class=\"elementor-section elementor-top-section elementor-element elementor-element-c8caddc elementor-section-content-middle elementor-section-boxed elementor-section-height-default elementor-section-height-default\" data-id=\"c8caddc\" data-element_type=\"section\" data-e-type=\"section\">\n\t\t\t\t\t\t<div class=\"elementor-container elementor-column-gap-default\">\n\t\t\t\t\t<div class=\"elementor-column elementor-col-50 elementor-top-column elementor-element elementor-element-2e62c33\" data-id=\"2e62c33\" data-element_type=\"column\" data-e-type=\"column\">\n\t\t\t<div class=\"elementor-widget-wrap elementor-element-populated\">\n\t\t\t\t\t\t<div class=\"elementor-element elementor-element-2f621cd elementor-widget elementor-widget-heading\" data-id=\"2f621cd\" data-element_type=\"widget\" data-e-type=\"widget\" data-widget_type=\"heading.default\">\n\t\t\t\t<div class=\"elementor-widget-container\">\n\t\t\t\t\t<h2 class=\"elementor-heading-title elementor-size-default\">Outras <br>\nAtividades<\/h2>\t\t\t\t<\/div>\n\t\t\t\t<\/div>\n\t\t\t\t<div class=\"elementor-element elementor-element-8f66571 elementor-widget__width-initial elementor-widget elementor-widget-text-editor\" data-id=\"8f66571\" data-element_type=\"widget\" data-e-type=\"widget\" data-widget_type=\"text-editor.default\">\n\t\t\t\t<div class=\"elementor-widget-container\">\n\t\t\t\t\t\t\t\t\t<ul><li><p><strong>Capacita\u00e7\u00e3o comunit\u00e1ria<\/strong>: Trabalhamos com a comunidade para criar redes de suporte que promovam a inclus\u00e3o e o bem-estar coletivo.<\/p><\/li><li><p><strong>Preven\u00e7\u00e3o de riscos<\/strong>: Atuamos para minimizar ciclos de exclus\u00e3o, viol\u00eancia, insucesso escolar e comportamentos desviantes, contribuindo para a forma\u00e7\u00e3o de adultos felizes e realizados.<\/p><\/li><\/ul>\t\t\t\t\t\t\t\t<\/div>\n\t\t\t\t<\/div>\n\t\t\t\t\t<\/div>\n\t\t<\/div>\n\t\t\t\t<div class=\"elementor-column elementor-col-50 elementor-top-column elementor-element elementor-element-dd7d354\" data-id=\"dd7d354\" data-element_type=\"column\" data-e-type=\"column\">\n\t\t\t<div class=\"elementor-widget-wrap elementor-element-populated\">\n\t\t\t\t\t\t<div class=\"elementor-element elementor-element-6ad8ccf elementor-invisible elementor-widget elementor-widget-image\" data-id=\"6ad8ccf\" data-element_type=\"widget\" data-e-type=\"widget\" data-settings=\"{&quot;_animation&quot;:&quot;fadeIn&quot;,&quot;_animation_delay&quot;:500,&quot;_animation_tablet&quot;:&quot;none&quot;}\" data-widget_type=\"image.default\">\n\t\t\t\t<div class=\"elementor-widget-container\">\n\t\t\t\t\t\t\t\t\t<div class=\"elementor-image\">\n\t\t\t\t\t\t\t\t\t\t\t\t\t\t\t\t\t\t\t\t\t<img decoding=\"async\" width=\"1024\" height=\"819\" src=\"https:\/\/adsccl.pt\/wp-content\/uploads\/2025\/03\/473191550_910112067963871_6815945961311878751_n-1024x819.jpg\" class=\"attachment-large size-large wp-image-988026\" alt=\"\" srcset=\"https:\/\/adsccl.pt\/wp-content\/uploads\/2025\/03\/473191550_910112067963871_6815945961311878751_n-1024x819.jpg 1024w, https:\/\/adsccl.pt\/wp-content\/uploads\/2025\/03\/473191550_910112067963871_6815945961311878751_n-768x614.jpg 768w, https:\/\/adsccl.pt\/wp-content\/uploads\/2025\/03\/473191550_910112067963871_6815945961311878751_n-1536x1229.jpg 1536w, https:\/\/adsccl.pt\/wp-content\/uploads\/2025\/03\/473191550_910112067963871_6815945961311878751_n.jpg 2048w\" sizes=\"(max-width: 1024px) 100vw, 1024px\" \/>\t\t\t\t\t\t\t\t\t\t\t\t\t\t\t\t\t\t\t\t\t\t\t\t<\/div>\n\t\t\t\t\t\t\t\t<\/div>\n\t\t\t\t<\/div>\n\t\t\t\t\t<\/div>\n\t\t<\/div>\n\t\t\t\t\t<\/div>\n\t\t<\/section>\n\t\t\t\t<section class=\"elementor-section elementor-top-section elementor-element elementor-element-5292d85 elementor-section-content-middle elementor-section-boxed elementor-section-height-default elementor-section-height-default\" data-id=\"5292d85\" data-element_type=\"section\" data-e-type=\"section\">\n\t\t\t\t\t\t<div class=\"elementor-container elementor-column-gap-default\">\n\t\t\t\t\t<div class=\"elementor-column elementor-col-100 elementor-top-column elementor-element elementor-element-9cced94\" data-id=\"9cced94\" data-element_type=\"column\" data-e-type=\"column\">\n\t\t\t<div class=\"elementor-widget-wrap elementor-element-populated\">\n\t\t\t\t\t\t<div class=\"elementor-element elementor-element-8f6ad68 elementor-widget elementor-widget-heading\" data-id=\"8f6ad68\" data-element_type=\"widget\" data-e-type=\"widget\" data-widget_type=\"heading.default\">\n\t\t\t\t<div class=\"elementor-widget-container\">\n\t\t\t\t\t<h2 class=\"elementor-heading-title elementor-size-default\">Parcerias<\/h2>\t\t\t\t<\/div>\n\t\t\t\t<\/div>\n\t\t\t\t<div class=\"elementor-element elementor-element-efe059f elementor-widget__width-initial elementor-widget elementor-widget-text-editor\" data-id=\"efe059f\" data-element_type=\"widget\" data-e-type=\"widget\" data-widget_type=\"text-editor.default\">\n\t\t\t\t<div class=\"elementor-widget-container\">\n\t\t\t\t\t\t\t\t\t<p>O projeto \u201cFam\u00edlias com Afetos\u201d \u00e9 poss\u00edvel gra\u00e7as ao apoio do\u00a0<strong>Programa Cidad\u00e3os Ativ@s<\/strong>, no \u00e2mbito do Mecanismo Financeiro do Espa\u00e7o Econ\u00f3mico Europeu &#8211; EEA Grants, gerido em Portugal pela\u00a0<strong>Funda\u00e7\u00e3o Calouste Gulbenkian<\/strong>\u00a0e a\u00a0<strong>Funda\u00e7\u00e3o Bissaya Barreto<\/strong>. Contamos ainda com a parceria da\u00a0<strong>C\u00e2mara Municipal da Lous\u00e3<\/strong>, da\u00a0<strong>Comiss\u00e3o de Prote\u00e7\u00e3o de Crian\u00e7as e Jovens da Lous\u00e3<\/strong>\u00a0e do\u00a0<strong>Agrupamento de Escolas da Lous\u00e3<\/strong>.<\/p>\t\t\t\t\t\t\t\t<\/div>\n\t\t\t\t<\/div>\n\t\t\t\t\t<\/div>\n\t\t<\/div>\n\t\t\t\t\t<\/div>\n\t\t<\/section>\n\t\t<div class=\"elementor-element elementor-element-9fcfde9 e-flex e-con-boxed e-con e-parent\" data-id=\"9fcfde9\" data-element_type=\"container\" data-e-type=\"container\">\n\t\t\t\t\t<div class=\"e-con-inner\">\n\t\t\t\t<div class=\"elementor-element elementor-element-8df0190 elementor-widget elementor-widget-image\" data-id=\"8df0190\" data-element_type=\"widget\" data-e-type=\"widget\" data-widget_type=\"image.default\">\n\t\t\t\t<div class=\"elementor-widget-container\">\n\t\t\t\t\t\t\t\t\t<div class=\"elementor-image\">\n\t\t\t\t\t\t\t\t\t\t\t\t\t\t\t\t\t\t\t\t\t<img loading=\"lazy\" decoding=\"async\" width=\"1024\" height=\"733\" src=\"https:\/\/adsccl.pt\/wp-content\/uploads\/2025\/03\/Placa_FCA_500x700mm-1024x733.png\" class=\"attachment-large size-large wp-image-988129\" alt=\"\" srcset=\"https:\/\/adsccl.pt\/wp-content\/uploads\/2025\/03\/Placa_FCA_500x700mm-1024x733.png 1024w, https:\/\/adsccl.pt\/wp-content\/uploads\/2025\/03\/Placa_FCA_500x700mm-768x550.png 768w, https:\/\/adsccl.pt\/wp-content\/uploads\/2025\/03\/Placa_FCA_500x700mm-1536x1100.png 1536w, https:\/\/adsccl.pt\/wp-content\/uploads\/2025\/03\/Placa_FCA_500x700mm.png 1996w\" sizes=\"(max-width: 1024px) 100vw, 1024px\" \/>\t\t\t\t\t\t\t\t\t\t\t\t\t\t\t\t\t\t\t\t\t\t\t\t<\/div>\n\t\t\t\t\t\t\t\t<\/div>\n\t\t\t\t<\/div>\n\t\t\t\t\t<\/div>\n\t\t\t\t<\/div>\n\t\t\t\t<\/div>\n\t\t","protected":false},"excerpt":{"rendered":"<p>Fam\u00edlias com Afetos Fam\u00edlias com AfetosCriam Pessoas Felizes! Quem Somos? A ADSCCL &#8211; Associa\u00e7\u00e3o de Desenvolvimento Social e Cultural dos Cinco Lugares (Associa\u00e7\u00e3o para o Desenvolvimento Social e Comunit\u00e1rio da Lous\u00e3) \u00e9 uma institui\u00e7\u00e3o particular de solidariedade social que atua nos concelhos da Lous\u00e3, Condeixa e Figueira da Foz. Desde 2012, temos trilhado um caminho&#8230;<\/p>\n","protected":false},"author":1,"featured_media":0,"parent":0,"menu_order":0,"comment_status":"closed","ping_status":"closed","template":"","meta":{"give_campaign_id":0,"footnotes":""},"class_list":["post-988009","page","type-page","status-publish","hentry"],"yoast_head":"<!-- This site is optimized with the Yoast SEO plugin v27.2 - https:\/\/yoast.com\/product\/yoast-seo-wordpress\/ -->\n<title>Fam\u00edlias com Afetos - EEA GRANTS - ADSCCL<\/title>\n<meta name=\"robots\" content=\"index, follow, max-snippet:-1, max-image-preview:large, max-video-preview:-1\" \/>\n<link rel=\"canonical\" href=\"https:\/\/adsccl.pt\/index.php\/familias-com-afetos-eea-grants\/\" \/>\n<meta property=\"og:locale\" content=\"en_US\" \/>\n<meta property=\"og:type\" content=\"article\" \/>\n<meta property=\"og:title\" content=\"Fam\u00edlias com Afetos - EEA GRANTS - ADSCCL\" \/>\n<meta property=\"og:description\" content=\"Fam\u00edlias com Afetos Fam\u00edlias com AfetosCriam Pessoas Felizes! Quem Somos? A ADSCCL &#8211; Associa\u00e7\u00e3o de Desenvolvimento Social e Cultural dos Cinco Lugares (Associa\u00e7\u00e3o para o Desenvolvimento Social e Comunit\u00e1rio da Lous\u00e3) \u00e9 uma institui\u00e7\u00e3o particular de solidariedade social que atua nos concelhos da Lous\u00e3, Condeixa e Figueira da Foz. Desde 2012, temos trilhado um caminho...\" \/>\n<meta property=\"og:url\" content=\"https:\/\/adsccl.pt\/index.php\/familias-com-afetos-eea-grants\/\" \/>\n<meta property=\"og:site_name\" content=\"ADSCCL\" \/>\n<meta property=\"article:modified_time\" content=\"2025-05-27T13:36:20+00:00\" \/>\n<meta property=\"og:image\" content=\"https:\/\/adsccl.pt\/wp-content\/uploads\/2025\/02\/young-students-watching-laptop-min-scaled.jpg\" \/>\n\t<meta property=\"og:image:width\" content=\"1707\" \/>\n\t<meta property=\"og:image:height\" content=\"2560\" \/>\n\t<meta property=\"og:image:type\" content=\"image\/jpeg\" \/>\n<meta name=\"twitter:card\" content=\"summary_large_image\" \/>\n<meta name=\"twitter:label1\" content=\"Est. reading time\" \/>\n\t<meta name=\"twitter:data1\" content=\"4 minutes\" \/>\n<script type=\"application\/ld+json\" class=\"yoast-schema-graph\">{\"@context\":\"https:\/\/schema.org\",\"@graph\":[{\"@type\":\"WebPage\",\"@id\":\"https:\/\/adsccl.pt\/index.php\/familias-com-afetos-eea-grants\/\",\"url\":\"https:\/\/adsccl.pt\/index.php\/familias-com-afetos-eea-grants\/\",\"name\":\"Fam\u00edlias com Afetos - EEA GRANTS - ADSCCL\",\"isPartOf\":{\"@id\":\"https:\/\/adsccl.pt\/#website\"},\"primaryImageOfPage\":{\"@id\":\"https:\/\/adsccl.pt\/index.php\/familias-com-afetos-eea-grants\/#primaryimage\"},\"image\":{\"@id\":\"https:\/\/adsccl.pt\/index.php\/familias-com-afetos-eea-grants\/#primaryimage\"},\"thumbnailUrl\":\"https:\/\/adsccl.pt\/wp-content\/uploads\/2025\/02\/young-students-watching-laptop-min-scaled.jpg\",\"datePublished\":\"2025-03-06T10:42:54+00:00\",\"dateModified\":\"2025-05-27T13:36:20+00:00\",\"breadcrumb\":{\"@id\":\"https:\/\/adsccl.pt\/index.php\/familias-com-afetos-eea-grants\/#breadcrumb\"},\"inLanguage\":\"en-US\",\"potentialAction\":[{\"@type\":\"ReadAction\",\"target\":[\"https:\/\/adsccl.pt\/index.php\/familias-com-afetos-eea-grants\/\"]}]},{\"@type\":\"ImageObject\",\"inLanguage\":\"en-US\",\"@id\":\"https:\/\/adsccl.pt\/index.php\/familias-com-afetos-eea-grants\/#primaryimage\",\"url\":\"https:\/\/adsccl.pt\/wp-content\/uploads\/2025\/02\/young-students-watching-laptop-min-scaled.jpg\",\"contentUrl\":\"https:\/\/adsccl.pt\/wp-content\/uploads\/2025\/02\/young-students-watching-laptop-min-scaled.jpg\",\"width\":1707,\"height\":2560},{\"@type\":\"BreadcrumbList\",\"@id\":\"https:\/\/adsccl.pt\/index.php\/familias-com-afetos-eea-grants\/#breadcrumb\",\"itemListElement\":[{\"@type\":\"ListItem\",\"position\":1,\"name\":\"Home\",\"item\":\"https:\/\/adsccl.pt\/\"},{\"@type\":\"ListItem\",\"position\":2,\"name\":\"Fam\u00edlias com Afetos &#8211; EEA GRANTS\"}]},{\"@type\":\"WebSite\",\"@id\":\"https:\/\/adsccl.pt\/#website\",\"url\":\"https:\/\/adsccl.pt\/\",\"name\":\"ADSCCL\",\"description\":\"INSPIRA\u00c7\u00c3O PARA UM MUNDO MELHOR\",\"publisher\":{\"@id\":\"https:\/\/adsccl.pt\/#organization\"},\"potentialAction\":[{\"@type\":\"SearchAction\",\"target\":{\"@type\":\"EntryPoint\",\"urlTemplate\":\"https:\/\/adsccl.pt\/?s={search_term_string}\"},\"query-input\":{\"@type\":\"PropertyValueSpecification\",\"valueRequired\":true,\"valueName\":\"search_term_string\"}}],\"inLanguage\":\"en-US\"},{\"@type\":\"Organization\",\"@id\":\"https:\/\/adsccl.pt\/#organization\",\"name\":\"ADSCCL\",\"url\":\"https:\/\/adsccl.pt\/\",\"logo\":{\"@type\":\"ImageObject\",\"inLanguage\":\"en-US\",\"@id\":\"https:\/\/adsccl.pt\/#\/schema\/logo\/image\/\",\"url\":\"https:\/\/adsccl.pt\/wp-content\/uploads\/2020\/04\/lOGO_adsCCL-2.png\",\"contentUrl\":\"https:\/\/adsccl.pt\/wp-content\/uploads\/2020\/04\/lOGO_adsCCL-2.png\",\"width\":1679,\"height\":540,\"caption\":\"ADSCCL\"},\"image\":{\"@id\":\"https:\/\/adsccl.pt\/#\/schema\/logo\/image\/\"}}]}<\/script>\n<!-- \/ Yoast SEO plugin. -->","yoast_head_json":{"title":"Fam\u00edlias com Afetos - EEA GRANTS - ADSCCL","robots":{"index":"index","follow":"follow","max-snippet":"max-snippet:-1","max-image-preview":"max-image-preview:large","max-video-preview":"max-video-preview:-1"},"canonical":"https:\/\/adsccl.pt\/index.php\/familias-com-afetos-eea-grants\/","og_locale":"en_US","og_type":"article","og_title":"Fam\u00edlias com Afetos - EEA GRANTS - ADSCCL","og_description":"Fam\u00edlias com Afetos Fam\u00edlias com AfetosCriam Pessoas Felizes! Quem Somos? A ADSCCL &#8211; Associa\u00e7\u00e3o de Desenvolvimento Social e Cultural dos Cinco Lugares (Associa\u00e7\u00e3o para o Desenvolvimento Social e Comunit\u00e1rio da Lous\u00e3) \u00e9 uma institui\u00e7\u00e3o particular de solidariedade social que atua nos concelhos da Lous\u00e3, Condeixa e Figueira da Foz. Desde 2012, temos trilhado um caminho...","og_url":"https:\/\/adsccl.pt\/index.php\/familias-com-afetos-eea-grants\/","og_site_name":"ADSCCL","article_modified_time":"2025-05-27T13:36:20+00:00","og_image":[{"width":1707,"height":2560,"url":"https:\/\/adsccl.pt\/wp-content\/uploads\/2025\/02\/young-students-watching-laptop-min-scaled.jpg","type":"image\/jpeg"}],"twitter_card":"summary_large_image","twitter_misc":{"Est. reading time":"4 minutes"},"schema":{"@context":"https:\/\/schema.org","@graph":[{"@type":"WebPage","@id":"https:\/\/adsccl.pt\/index.php\/familias-com-afetos-eea-grants\/","url":"https:\/\/adsccl.pt\/index.php\/familias-com-afetos-eea-grants\/","name":"Fam\u00edlias com Afetos - EEA GRANTS - ADSCCL","isPartOf":{"@id":"https:\/\/adsccl.pt\/#website"},"primaryImageOfPage":{"@id":"https:\/\/adsccl.pt\/index.php\/familias-com-afetos-eea-grants\/#primaryimage"},"image":{"@id":"https:\/\/adsccl.pt\/index.php\/familias-com-afetos-eea-grants\/#primaryimage"},"thumbnailUrl":"https:\/\/adsccl.pt\/wp-content\/uploads\/2025\/02\/young-students-watching-laptop-min-scaled.jpg","datePublished":"2025-03-06T10:42:54+00:00","dateModified":"2025-05-27T13:36:20+00:00","breadcrumb":{"@id":"https:\/\/adsccl.pt\/index.php\/familias-com-afetos-eea-grants\/#breadcrumb"},"inLanguage":"en-US","potentialAction":[{"@type":"ReadAction","target":["https:\/\/adsccl.pt\/index.php\/familias-com-afetos-eea-grants\/"]}]},{"@type":"ImageObject","inLanguage":"en-US","@id":"https:\/\/adsccl.pt\/index.php\/familias-com-afetos-eea-grants\/#primaryimage","url":"https:\/\/adsccl.pt\/wp-content\/uploads\/2025\/02\/young-students-watching-laptop-min-scaled.jpg","contentUrl":"https:\/\/adsccl.pt\/wp-content\/uploads\/2025\/02\/young-students-watching-laptop-min-scaled.jpg","width":1707,"height":2560},{"@type":"BreadcrumbList","@id":"https:\/\/adsccl.pt\/index.php\/familias-com-afetos-eea-grants\/#breadcrumb","itemListElement":[{"@type":"ListItem","position":1,"name":"Home","item":"https:\/\/adsccl.pt\/"},{"@type":"ListItem","position":2,"name":"Fam\u00edlias com Afetos &#8211; EEA GRANTS"}]},{"@type":"WebSite","@id":"https:\/\/adsccl.pt\/#website","url":"https:\/\/adsccl.pt\/","name":"ADSCCL","description":"INSPIRA\u00c7\u00c3O PARA UM MUNDO MELHOR","publisher":{"@id":"https:\/\/adsccl.pt\/#organization"},"potentialAction":[{"@type":"SearchAction","target":{"@type":"EntryPoint","urlTemplate":"https:\/\/adsccl.pt\/?s={search_term_string}"},"query-input":{"@type":"PropertyValueSpecification","valueRequired":true,"valueName":"search_term_string"}}],"inLanguage":"en-US"},{"@type":"Organization","@id":"https:\/\/adsccl.pt\/#organization","name":"ADSCCL","url":"https:\/\/adsccl.pt\/","logo":{"@type":"ImageObject","inLanguage":"en-US","@id":"https:\/\/adsccl.pt\/#\/schema\/logo\/image\/","url":"https:\/\/adsccl.pt\/wp-content\/uploads\/2020\/04\/lOGO_adsCCL-2.png","contentUrl":"https:\/\/adsccl.pt\/wp-content\/uploads\/2020\/04\/lOGO_adsCCL-2.png","width":1679,"height":540,"caption":"ADSCCL"},"image":{"@id":"https:\/\/adsccl.pt\/#\/schema\/logo\/image\/"}}]}},"campaignId":"","_links":{"self":[{"href":"https:\/\/adsccl.pt\/index.php\/wp-json\/wp\/v2\/pages\/988009","targetHints":{"allow":["GET"]}}],"collection":[{"href":"https:\/\/adsccl.pt\/index.php\/wp-json\/wp\/v2\/pages"}],"about":[{"href":"https:\/\/adsccl.pt\/index.php\/wp-json\/wp\/v2\/types\/page"}],"author":[{"embeddable":true,"href":"https:\/\/adsccl.pt\/index.php\/wp-json\/wp\/v2\/users\/1"}],"replies":[{"embeddable":true,"href":"https:\/\/adsccl.pt\/index.php\/wp-json\/wp\/v2\/comments?post=988009"}],"version-history":[{"count":13,"href":"https:\/\/adsccl.pt\/index.php\/wp-json\/wp\/v2\/pages\/988009\/revisions"}],"predecessor-version":[{"id":988204,"href":"https:\/\/adsccl.pt\/index.php\/wp-json\/wp\/v2\/pages\/988009\/revisions\/988204"}],"wp:attachment":[{"href":"https:\/\/adsccl.pt\/index.php\/wp-json\/wp\/v2\/media?parent=988009"}],"curies":[{"name":"wp","href":"https:\/\/api.w.org\/{rel}","templated":true}]}}